{"id":443,"date":"2017-09-13T23:14:01","date_gmt":"2017-09-13T20:14:01","guid":{"rendered":"http:\/\/3gozdergisi.com\/?post_type=tribe_events&#038;p=443"},"modified":"2017-09-13T23:27:27","modified_gmt":"2017-09-13T20:27:27","slug":"naturel-beden-zihin-ruh-farkindaligi-istanbul","status":"publish","type":"tribe_events","link":"https:\/\/3gozdergisi.com\/?tribe_events=naturel-beden-zihin-ruh-farkindaligi-istanbul","title":{"rendered":"Naturel Beden Zihin Ruh Fark\u0131ndal\u0131\u011f\u0131 \u0130stanbul"},"content":{"rendered":"<p><b>NATUREL Festivali 18inci Y\u0131l\u0131nda<\/b><\/p>\n<p><img data-recalc-dims=\"1\" loading=\"lazy\" decoding=\"async\" data-attachment-id=\"444\" data-permalink=\"https:\/\/3gozdergisi.com\/?attachment_id=444\" data-orig-file=\"https:\/\/i0.wp.com\/3gozdergisi.com\/wp-content\/uploads\/2017\/09\/700-340pxl2017IST-3.jpg?fit=700%2C340&amp;ssl=1\" data-orig-size=\"700,340\" data-comments-opened=\"1\" data-image-meta=\"{&quot;aperture&quot;:&quot;0&quot;,&quot;credit&quot;:&quot;&quot;,&quot;camera&quot;:&quot;&quot;,&quot;caption&quot;:&quot;&quot;,&quot;created_timestamp&quot;:&quot;0&quot;,&quot;copyright&quot;:&quot;&quot;,&quot;focal_length&quot;:&quot;0&quot;,&quot;iso&quot;:&quot;0&quot;,&quot;shutter_speed&quot;:&quot;0&quot;,&quot;title&quot;:&quot;&quot;,&quot;orientation&quot;:&quot;0&quot;}\" data-image-title=\"700-340pxl2017IST-3\" data-image-description=\"\" data-image-caption=\"\" data-large-file=\"https:\/\/i0.wp.com\/3gozdergisi.com\/wp-content\/uploads\/2017\/09\/700-340pxl2017IST-3.jpg?fit=700%2C340&amp;ssl=1\" class=\"wp-image-444 aligncenter\" src=\"https:\/\/i0.wp.com\/3gozdergisi.com\/wp-content\/uploads\/2017\/09\/700-340pxl2017IST-3.jpg?resize=571%2C278\" alt=\"\" width=\"571\" height=\"278\" srcset=\"https:\/\/i0.wp.com\/3gozdergisi.com\/wp-content\/uploads\/2017\/09\/700-340pxl2017IST-3.jpg?resize=300%2C146&amp;ssl=1 300w, https:\/\/i0.wp.com\/3gozdergisi.com\/wp-content\/uploads\/2017\/09\/700-340pxl2017IST-3.jpg?w=700&amp;ssl=1 700w\" sizes=\"auto, (max-width: 571px) 100vw, 571px\" \/><\/p>\n<p class=\"''MsoNormal''\"><b><span lang=\"''EN-US''\">NATUREL Beden, Zihin ve Ruh Sa\u011fl\u0131\u011f\u0131 Festivali<\/span><\/b><span lang=\"''EN-US''\">\u2019ni 18inci y\u0131l\u0131nda \u0130stanbul\u2019da\u00a0<b>9-12 Kas\u0131m 2017<\/b>\u00a0tarihlerinde,\u00a0<b>Askeri M\u00fcze Harbiye K\u00fclt\u00fcr Sitesi<\/b>\u2019nde d\u00fczenliyoruz. 2012\u2019den beri festivalin radyo sponsorlu\u011funu yapan\u00a0<b>Radyo Voyage<\/b>, festival boyunca d\u00fcnyan\u0131n m\u00fcziklerinden se\u00e7ti\u011fi \u00f6zel par\u00e7alar\u0131 kat\u0131l\u0131mc\u0131 ve ziyaret\u00e7ilerle payla\u015f\u0131yor.\u00a0\u00a0<\/span><\/p>\n<p class=\"''MsoNormal''\">FEST\u0130VA A.\u015e. taraf\u0131ndan 2000 y\u0131l\u0131ndan beri d\u00fczenlenen NATUREL Festivali, 21inci y\u00fczy\u0131l\u0131n h\u0131zla y\u00fckselen de\u011feri olan \u201cdo\u011fal ve sa\u011fl\u0131kl\u0131 ya\u015fam bilinci\u201dnin toplumumuz taraf\u0131ndan anla\u015f\u0131lmas\u0131nda ve uygulanmas\u0131nda \u00f6nc\u00fcl\u00fck eden ilk geni\u015f kapsaml\u0131 etkinliktir.<\/p>\n<p class=\"''MsoNormal''\">D\u00f6rt g\u00fcn s\u00fcren festival b\u00fcnyesinde, ellinin \u00fczerinde kat\u0131l\u0131mc\u0131 kurulu\u015f ile seminer-workshop program\u0131nda do\u011fal sa\u011fl\u0131k, ekolojik ya\u015fam bilinci, insan potansiyeli ve ki\u015fisel geli\u015fim konular\u0131nda yerli ve yabanc\u0131 uzman, doktor, akademisyen, yazar ve ara\u015ft\u0131rmac\u0131lar yer almaktad\u0131r. Ayr\u0131ca festival boyunca m\u00fczik, dans, fiziksel disiplinler, sanat sergileri, yar\u0131\u015fmalar gibi \u00e7e\u015fitli etkinlikler ger\u00e7ekle\u015ftirilmektedir. Festival, \u0130stanbul, Ankara, Bursa ve \u0130zmir\u2019de bug\u00fcne kadar 135,000\u2019i a\u015fk\u0131n ziyaret\u00e7i taraf\u0131ndan izlenmi\u015ftir.<\/p>\n<p class=\"''MsoNormal''\">Otuzsekizinci kez ger\u00e7ekle\u015ftirece\u011fimiz\u00a0<b>NATUREL Beden, Zihin ve Ruh Sa\u011fl\u0131\u011f\u0131 Festivali<\/b>\u2019nde sizi de aram\u0131zda g\u00f6rmeyi arzu eder, yararl\u0131, verimli ve keyifli bir festivalde birarada olmay\u0131 dileriz.<\/p>\n","protected":false},"excerpt":{"rendered":"<p>NATUREL Festivali 18inci Y\u0131l\u0131nda NATUREL Beden, Zihin ve Ruh Sa\u011fl\u0131\u011f\u0131 Festivali\u2019ni 18inci y\u0131l\u0131nda \u0130stanbul\u2019da\u00a09-12 Kas\u0131m 2017\u00a0tarihlerinde,\u00a0Askeri M\u00fcze Harbiye K\u00fclt\u00fcr Sitesi\u2019nde d\u00fczenliyoruz. 2012\u2019den beri festivalin radyo sponsorlu\u011funu yapan\u00a0Radyo Voyage, festival boyunca d\u00fcnyan\u0131n m\u00fcziklerinden se\u00e7ti\u011fi \u00f6zel par\u00e7alar\u0131 kat\u0131l\u0131mc\u0131 ve ziyaret\u00e7ilerle payla\u015f\u0131yor.\u00a0\u00a0 FEST\u0130VA A.\u015e. taraf\u0131ndan 2000 y\u0131l\u0131ndan beri d\u00fczenlenen NATUREL Festivali, 21inci y\u00fczy\u0131l\u0131n<span class=\"more-link\"><a href=\"https:\/\/3gozdergisi.com\/?tribe_events=naturel-beden-zihin-ruh-farkindaligi-istanbul\">Read More &rarr;<\/a><\/span><\/p>\n","protected":false},"author":1,"featured_media":445,"template":"","meta":{"advanced_seo_description":"","jetpack_seo_html_title":"","jetpack_seo_noindex":false,"jetpack_post_was_ever_published":false,"_tribe_events_status":"","_tribe_events_status_reason":"","footnotes":""},"tags":[82,85,81,84,83],"tribe_events_cat":[80],"class_list":["entry","author-dergi","post-443","tribe_events","type-tribe_events","status-publish","has-post-thumbnail","tag-beden","tag-festivali","tag-naturel","tag-ruh","tag-zihin","tribe_events_cat-festival","cat_festival"],"jetpack_sharing_enabled":true,"jetpack_likes_enabled":true,"_links":{"self":[{"href":"https:\/\/3gozdergisi.com\/index.php?rest_route=\/wp\/v2\/tribe_events\/443","targetHints":{"allow":["GET"]}}],"collection":[{"href":"https:\/\/3gozdergisi.com\/index.php?rest_route=\/wp\/v2\/tribe_events"}],"about":[{"href":"https:\/\/3gozdergisi.com\/index.php?rest_route=\/wp\/v2\/types\/tribe_events"}],"author":[{"embeddable":true,"href":"https:\/\/3gozdergisi.com\/index.php?rest_route=\/wp\/v2\/users\/1"}],"version-history":[{"count":1,"href":"https:\/\/3gozdergisi.com\/index.php?rest_route=\/wp\/v2\/tribe_events\/443\/revisions"}],"predecessor-version":[{"id":446,"href":"https:\/\/3gozdergisi.com\/index.php?rest_route=\/wp\/v2\/tribe_events\/443\/revisions\/446"}],"wp:featuredmedia":[{"embeddable":true,"href":"https:\/\/3gozdergisi.com\/index.php?rest_route=\/wp\/v2\/media\/445"}],"wp:attachment":[{"href":"https:\/\/3gozdergisi.com\/index.php?rest_route=%2Fwp%2Fv2%2Fmedia&parent=443"}],"wp:term":[{"taxonomy":"post_tag","embeddable":true,"href":"https:\/\/3gozdergisi.com\/index.php?rest_route=%2Fwp%2Fv2%2Ftags&post=443"},{"taxonomy":"tribe_events_cat","embeddable":true,"href":"https:\/\/3gozdergisi.com\/index.php?rest_route=%2Fwp%2Fv2%2Ftribe_events_cat&post=443"}],"curies":[{"name":"wp","href":"https:\/\/api.w.org\/{rel}","templated":true}]}}