{"id":449,"date":"2017-09-13T23:32:23","date_gmt":"2017-09-13T20:32:23","guid":{"rendered":"http:\/\/3gozdergisi.com\/?post_type=tribe_events&#038;p=449"},"modified":"2017-10-07T15:29:43","modified_gmt":"2017-10-07T12:29:43","slug":"naturel-beden-zihin-ruh-farkindaligi-izmir","status":"publish","type":"tribe_events","link":"https:\/\/3gozdergisi.com\/?tribe_events=naturel-beden-zihin-ruh-farkindaligi-izmir","title":{"rendered":"Naturel Beden Zihin Ruh Fark\u0131ndal\u0131\u011f\u0131 \u0130zmir"},"content":{"rendered":"<p>NATUREL Festivali d\u00f6rd\u00fcnc\u00fc kez \u0130ZM\u0130R\u2019de<\/p>\n<p><img data-recalc-dims=\"1\" loading=\"lazy\" decoding=\"async\" data-attachment-id=\"450\" data-permalink=\"https:\/\/3gozdergisi.com\/?attachment_id=450\" data-orig-file=\"https:\/\/i0.wp.com\/3gozdergisi.com\/wp-content\/uploads\/2017\/09\/WEBSLAYT700X340IZMIR.jpg?fit=700%2C340&amp;ssl=1\" data-orig-size=\"700,340\" data-comments-opened=\"1\" data-image-meta=\"{&quot;aperture&quot;:&quot;0&quot;,&quot;credit&quot;:&quot;&quot;,&quot;camera&quot;:&quot;&quot;,&quot;caption&quot;:&quot;&quot;,&quot;created_timestamp&quot;:&quot;0&quot;,&quot;copyright&quot;:&quot;&quot;,&quot;focal_length&quot;:&quot;0&quot;,&quot;iso&quot;:&quot;0&quot;,&quot;shutter_speed&quot;:&quot;0&quot;,&quot;title&quot;:&quot;&quot;,&quot;orientation&quot;:&quot;0&quot;}\" data-image-title=\"WEBSLAYT700X340IZMIR\" data-image-description=\"\" data-image-caption=\"\" data-large-file=\"https:\/\/i0.wp.com\/3gozdergisi.com\/wp-content\/uploads\/2017\/09\/WEBSLAYT700X340IZMIR.jpg?fit=700%2C340&amp;ssl=1\" class=\"wp-image-450 aligncenter\" src=\"https:\/\/i0.wp.com\/3gozdergisi.com\/wp-content\/uploads\/2017\/09\/WEBSLAYT700X340IZMIR.jpg?resize=641%2C312\" alt=\"\" width=\"641\" height=\"312\" srcset=\"https:\/\/i0.wp.com\/3gozdergisi.com\/wp-content\/uploads\/2017\/09\/WEBSLAYT700X340IZMIR.jpg?resize=300%2C146&amp;ssl=1 300w, https:\/\/i0.wp.com\/3gozdergisi.com\/wp-content\/uploads\/2017\/09\/WEBSLAYT700X340IZMIR.jpg?w=700&amp;ssl=1 700w\" sizes=\"auto, (max-width: 641px) 100vw, 641px\" \/><\/p>\n<p>NATUREL Beden, Zihin ve Ruh Sa\u011fl\u0131\u011f\u0131 Festivali\u2019ni 1-3 Aral\u0131k 2017 tarihlerinde yine E.\u00dc. Atat\u00fcrk K\u00fclt\u00fcr Merkezi, Konak\u2019ta ger\u00e7ekle\u015ftiriyoruz.<br \/>\n\u00dclkemizde ilk olarak 2000 y\u0131l\u0131nda FEST\u0130VA A.\u015e. taraf\u0131ndan d\u00fczenlenen NATUREL Festivali, ekoloji bilinci do\u011frultusunda bir ya\u015fam tarz\u0131, yeni \u00e7a\u011f kavramlar\u0131, ki\u015fisel geli\u015fim konular\u0131, do\u011fal \u00fcr\u00fcnler ve do\u011fal sa\u011fl\u0131k y\u00f6ntemlerinin toplum taraf\u0131ndan anla\u015f\u0131lmas\u0131nda ve uygulanmas\u0131nda \u00f6nc\u00fcl\u00fck eden geni\u015f \u00e7apta bir etkinliktir. Bug\u00fcne kadar \u0130stanbul, Ankara, Bursa ve \u0130zmir\u2019de d\u00fczenlenen festival 135,000\u2019i a\u015fk\u0131n ziyaret\u00e7i taraf\u0131ndan izlenmi\u015ftir.<br \/>\nNATUREL Festivali do\u011fal sa\u011fl\u0131k ve tamamlay\u0131c\u0131 t\u0131p y\u00f6ntemleri, ki\u015fisel geli\u015fim, ekolojik ya\u015fam bilinci, sa\u011fl\u0131kl\u0131 beslenme, organik \u00fcr\u00fcnler, \u015fifal\u0131 bitkiler, sa\u011fl\u0131k turizmi, do\u011fa sporlar\u0131, vak\u0131flar, dernekler ve ilgili yay\u0131nlar ile g\u00fcnl\u00fck ya\u015fam\u0131m\u0131za yans\u0131yan do\u011fal \u00fcr\u00fcnler ve hizmetlerin tan\u0131t\u0131lmas\u0131na olanak sa\u011flamaktad\u0131r.<br \/>\n\u0130zmir\u2019de d\u00fczenleyece\u011fimiz bu d\u00f6rd\u00fcnc\u00fc festivalde yine birlikte olmay\u0131\u00a0diliyoruz.<\/p>\n","protected":false},"excerpt":{"rendered":"<p>NATUREL Festivali d\u00f6rd\u00fcnc\u00fc kez \u0130ZM\u0130R\u2019de NATUREL Beden, Zihin ve Ruh Sa\u011fl\u0131\u011f\u0131 Festivali\u2019ni 1-3 Aral\u0131k 2017 tarihlerinde yine E.\u00dc. Atat\u00fcrk K\u00fclt\u00fcr Merkezi, Konak\u2019ta ger\u00e7ekle\u015ftiriyoruz. \u00dclkemizde ilk olarak 2000 y\u0131l\u0131nda FEST\u0130VA A.\u015e. taraf\u0131ndan d\u00fczenlenen NATUREL Festivali, ekoloji bilinci do\u011frultusunda bir ya\u015fam tarz\u0131, yeni \u00e7a\u011f kavramlar\u0131, ki\u015fisel geli\u015fim konular\u0131, do\u011fal \u00fcr\u00fcnler ve do\u011fal<span class=\"more-link\"><a href=\"https:\/\/3gozdergisi.com\/?tribe_events=naturel-beden-zihin-ruh-farkindaligi-izmir\">Read More &rarr;<\/a><\/span><\/p>\n","protected":false},"author":1,"featured_media":451,"template":"","meta":{"advanced_seo_description":"","jetpack_seo_html_title":"","jetpack_seo_noindex":false,"jetpack_post_was_ever_published":false,"_tribe_events_status":"","_tribe_events_status_reason":"","footnotes":""},"tags":[82,70,86,87,81,84,83],"tribe_events_cat":[],"class_list":["entry","author-dergi","post-449","tribe_events","type-tribe_events","status-publish","has-post-thumbnail","tag-beden","tag-farkindalik","tag-festival","tag-izmir","tag-naturel","tag-ruh","tag-zihin"],"jetpack_sharing_enabled":true,"jetpack_likes_enabled":true,"_links":{"self":[{"href":"https:\/\/3gozdergisi.com\/index.php?rest_route=\/wp\/v2\/tribe_events\/449","targetHints":{"allow":["GET"]}}],"collection":[{"href":"https:\/\/3gozdergisi.com\/index.php?rest_route=\/wp\/v2\/tribe_events"}],"about":[{"href":"https:\/\/3gozdergisi.com\/index.php?rest_route=\/wp\/v2\/types\/tribe_events"}],"author":[{"embeddable":true,"href":"https:\/\/3gozdergisi.com\/index.php?rest_route=\/wp\/v2\/users\/1"}],"version-history":[{"count":1,"href":"https:\/\/3gozdergisi.com\/index.php?rest_route=\/wp\/v2\/tribe_events\/449\/revisions"}],"predecessor-version":[{"id":452,"href":"https:\/\/3gozdergisi.com\/index.php?rest_route=\/wp\/v2\/tribe_events\/449\/revisions\/452"}],"wp:featuredmedia":[{"embeddable":true,"href":"https:\/\/3gozdergisi.com\/index.php?rest_route=\/wp\/v2\/media\/451"}],"wp:attachment":[{"href":"https:\/\/3gozdergisi.com\/index.php?rest_route=%2Fwp%2Fv2%2Fmedia&parent=449"}],"wp:term":[{"taxonomy":"post_tag","embeddable":true,"href":"https:\/\/3gozdergisi.com\/index.php?rest_route=%2Fwp%2Fv2%2Ftags&post=449"},{"taxonomy":"tribe_events_cat","embeddable":true,"href":"https:\/\/3gozdergisi.com\/index.php?rest_route=%2Fwp%2Fv2%2Ftribe_events_cat&post=449"}],"curies":[{"name":"wp","href":"https:\/\/api.w.org\/{rel}","templated":true}]}}